{"id":888,"date":"2019-09-28T19:17:44","date_gmt":"2019-09-28T17:17:44","guid":{"rendered":"https:\/\/www.euroelectrictour.com\/w\/?page_id=888"},"modified":"2021-08-28T13:16:39","modified_gmt":"2021-08-28T11:16:39","slug":"a-proposito-2","status":"publish","type":"page","link":"https:\/\/es.euroelectrictour.com\/es\/a-proposito-2\/","title":{"rendered":"A prop\u00f3sito"},"content":{"rendered":"\n<p>Euro Electric Tour * &#8211; grande vuelta en coche el\u00e9ctrico, \u00a1M\u00e1s de 25 pa\u00edses, desde Par\u00eds a Bruselas pasando por Oslo, Helsinki, Atenas, Lisboa, Dublin\u2026!<\/p>\n\n\n\n<h2 class=\"wp-block-heading\">Antes de la salida:<\/h2>\n\n\n\n<p>\u00a1Descubre y comparte Europa yendo a su encuentro en coche el\u00e9ctrico!<\/p>\n\n\n\n<p>Si bien la preparaci\u00f3n de este viaje comienza, las observaciones se fusionan: en electricidad, \u00a1no es posible! no hay bombas! \u00bfPor qu\u00e9 no con un di\u00e9sel, tan pr\u00e1ctico, disponible y econ\u00f3mico?<\/p>\n\n\n\n<figure class=\"wp-block-image\"><img decoding=\"async\" src=\"\/w\/wp-content\/uploads\/2019\/03\/201405_Autoroute_AT_S4320812-150x150.jpg\" alt=\"201405_Autoroute_AT_S4320812\"\/><\/figure>\n\n\n\n<p>Para cruzar Europa vertiendo gases de escape diesel que incluso la Organizaci\u00f3n Mundial de la Salud confirma como cancer\u00edgenos, \u00bfes razonable?<\/p>\n\n\n\n<p>Los autos el\u00e9ctricos generan mucho menos molestias de uso. Con la mejora de su construcci\u00f3n, recarga y reciclaje, \u00a1pueden conquistar el mundo!<\/p>\n\n\n\n<p>Hasta la fecha, pocos son capaces de realizar m\u00e1s de 100 km sin recargar, \u00a1pero estamos en el siglo XXI! La electricidad est\u00e1 en todas partes y cada vez m\u00e1s se produce a partir de fuentes renovables. \u00a1Alimenta nuestra iluminaci\u00f3n, nuestros juguetes, nuestra cocina, nuestros m\u00f3viles, nuestras bicicletas, nuestras tiendas, nuestros trenes, nuestros negocios, nuestras computadoras e Internet!<\/p>\n\n\n\n<p>Est\u00e1 bien, \u00a1pero encontrar un enchufe accesible varias horas cada 100 km no es realista!<\/p>\n\n\n\n<figure class=\"wp-block-image\"><img decoding=\"async\" src=\"\/w\/wp-content\/uploads\/2019\/03\/201405_nature_Autriche_S4310161-150x150.jpg\" alt=\"201405_nature_Autriche_S4310161\"\/><\/figure>\n\n\n\n<p>\u00a1Con una distancia promedio de 160 km por d\u00eda, es posible! Con un Tesla S ser\u00e1 una realidad: con sus cargadores r\u00e1pidos presentes en varios pa\u00edses, su autonom\u00eda superior a los 400 km reales y los cargadores p\u00fablicos, la cantidad de tomas adicionales se vuelve razonable.<\/p>\n\n\n\n<p>Sin embargo, es dif\u00edcil tener un Tesla S durante unos meses. Las ofertas de alquiler a largo y largo plazo, a menudo durante 3 a\u00f1os, no son adecuadas, sin mencionar restricciones como \u201csolo se pueden utilizar en el territorio de la Francia metropolitana\u201d.<\/p>\n\n\n\n<figure class=\"wp-block-image\"><img decoding=\"async\" src=\"\/w\/wp-content\/uploads\/2019\/03\/201401_Tesla_NO_S4280156-150x150.jpg\" alt=\"201401_Tesla_NO_S4280156\"\/><\/figure>\n\n\n\n<p>Una asociaci\u00f3n con una compa\u00f1\u00eda que ofrece el alquiler de Tesla S permitir\u00eda que el veh\u00edculo alquilado circule en Europa durante los pocos meses del proyecto. \u00a1Una discusi\u00f3n ya iniciada puede permitir una partida antes del verano, durante la Semana Europea de la Energ\u00eda Sostenible (del 15 al 19 de junio)!<\/p>\n\n\n\n<p>\u00a1Aceleremos las cosas, demostremos su inter\u00e9s, sigamos y participemos en la aventura! Descubre este territorio de gran diversidad, tanto humana como geogr\u00e1fica. Con sus paisajes, sus pueblos y ciudades, para conocer a los habitantes, artistas, asociaciones, empresas, actores locales, viajeros, \u2026 socios sin los cuales esta gira no ser\u00eda posible.<\/p>\n\n\n\n<p>\u00bfPor qu\u00e9 25 pa\u00edses?<\/p>\n\n\n\n<p>Este n\u00famero representa m\u00e1s de la mitad de la Europa geogr\u00e1fica, que cuenta con m\u00e1s de 40 pa\u00edses. \u00bfYa podemos citar 25?<br>Seg\u00fan usted entre estos 5 pa\u00edses, Andorra, Bulgaria, Croacia, Islandia y Serbia, \u00bfcu\u00e1ntos pertenecen a la Uni\u00f3n Europea?<br>La historia de Europa es una sucesi\u00f3n de divisiones, de desperdicios inhumanos pero tambi\u00e9n de conquistas culturales, cient\u00edficas y humanas. Durante los \u00faltimos cincuenta a\u00f1os, las asociaciones han reducido las tensiones, mejorado los intercambios, aqu\u00ed hay algunos que responden a la pregunta anterior:<\/p>\n\n\n\n<p>\u2013 19 miembros: zona euro, una moneda<br>\u2013 26 miembros: \u00c1rea Schengen, una frontera<br>\u2013 28 miembros: Uni\u00f3n Europea, \u201cUnidos en la diversidad\u201d<br>\u2013 31 miembros: Espacio Econ\u00f3mico Europeo, compuesto por la UE (excluyendo Croacia en progreso) as\u00ed como Noruega, Suiza, Liechtenstein e Islandia<br>\u2013 47 miembros: Consejo de Europa, una protecci\u00f3n de los derechos. Incluidos miembros de la UE, Andorra, Serbia, \u2026<\/p>\n\n\n\n<p>\u00a1A trav\u00e9s de este desaf\u00edo, redescubramos la Europa de hoy en electricidad y preparemos la del ma\u00f1ana!<\/p>\n\n\n\n<figure class=\"wp-block-image\"><img decoding=\"async\" src=\"\/w\/wp-content\/uploads\/2019\/03\/20150327_Serge_Marcoussis_153846-150x150.jpg\" alt=\"20150327_Serge_Marcoussis_153846\"\/><\/figure>\n\n\n\n<p>Serge R, 18 pa\u00edses europeos visitados, 4 idiomas hablados, viajes por carretera en Am\u00e9rica, Australia, Europa y tambi\u00e9n \u00c1frica con motivo de un voluntariado ecol\u00f3gico, fan\u00e1tico de hermosos paisajes, proyectos innovadores, museos, intercambios, tradici\u00f3n y modernidad, \u2026<br>El n\u00famero de personas que participan est\u00e1 aumentando y cubrir\u00e1 Europa en los pr\u00f3ximos meses. Entre ellos hay un equipo de estudiantes preparando su propio Rally de Estudiantes Europeos para la Promoci\u00f3n VE. \u00a1Se aceptan propuestas de asociaciones, materiales, financiaci\u00f3n, servicios o medios como Tesla-Mag! (Contacto: a trav\u00e9s del sitio web)<\/p>\n\n\n\n<p>Ilustraciones:<\/p>\n\n\n\n<figure class=\"wp-block-image\"><img decoding=\"async\" src=\"\/w\/wp-content\/uploads\/2019\/03\/20140620_Serge_MC_135805-150x150.jpg\" alt=\"20140620_Serge_MC_135805\"\/><\/figure>\n\n\n\n<p>Mapa EET, Europa, por Serge R, marzo de 2015 (mapa encontrado: http:\/\/bookshop.europa.eu\/en\/united-in-the-diversity\u2013pbKC0113688\/)<br>Autopista, regi\u00f3n de Graz, Austria, foto de Serge R, mayo de 2014<br>Naturaleza, regi\u00f3n de Graz, Austria, foto de Serge R, mayo de 2014<br>Tesla S, Oslo, Noruega, foto de Serge R, enero de 2014<br>Serge R, Marcoussis, Francia, marzo de 2015<br>Serge R, M\u00f3naco, junio de 2014<\/p>\n","protected":false},"excerpt":{"rendered":"<p>Euro Electric Tour * &#8211; grande vuelta en coche el\u00e9ctrico, \u00a1M\u00e1s de 25 pa\u00edses, desde Par\u00eds a Bruselas pasando por Oslo, Helsinki, Atenas, Lisboa, Dublin\u2026! Antes de la salida: \u00a1Descubre y comparte Europa yendo a su encuentro en coche el\u00e9ctrico! Si bien la preparaci\u00f3n de este viaje comienza, las observaciones se fusionan: en electricidad, \u00a1no [&hellip;]<\/p>\n","protected":false},"author":3,"featured_media":658,"parent":0,"menu_order":0,"comment_status":"closed","ping_status":"closed","template":"","meta":{"footnotes":""},"class_list":["post-888","page","type-page","status-publish","has-post-thumbnail","czr-hentry"],"aioseo_notices":[],"_links":{"self":[{"href":"https:\/\/es.euroelectrictour.com\/es\/wp-json\/wp\/v2\/pages\/888","targetHints":{"allow":["GET"]}}],"collection":[{"href":"https:\/\/es.euroelectrictour.com\/es\/wp-json\/wp\/v2\/pages"}],"about":[{"href":"https:\/\/es.euroelectrictour.com\/es\/wp-json\/wp\/v2\/types\/page"}],"author":[{"embeddable":true,"href":"https:\/\/es.euroelectrictour.com\/es\/wp-json\/wp\/v2\/users\/3"}],"replies":[{"embeddable":true,"href":"https:\/\/es.euroelectrictour.com\/es\/wp-json\/wp\/v2\/comments?post=888"}],"version-history":[{"count":4,"href":"https:\/\/es.euroelectrictour.com\/es\/wp-json\/wp\/v2\/pages\/888\/revisions"}],"predecessor-version":[{"id":1581,"href":"https:\/\/es.euroelectrictour.com\/es\/wp-json\/wp\/v2\/pages\/888\/revisions\/1581"}],"wp:featuredmedia":[{"embeddable":true,"href":"https:\/\/es.euroelectrictour.com\/es\/wp-json\/wp\/v2\/media\/658"}],"wp:attachment":[{"href":"https:\/\/es.euroelectrictour.com\/es\/wp-json\/wp\/v2\/media?parent=888"}],"curies":[{"name":"wp","href":"https:\/\/api.w.org\/{rel}","templated":true}]}}